{"id":17,"date":"2018-07-11T16:05:15","date_gmt":"2018-07-11T19:05:15","guid":{"rendered":"https:\/\/www.institutoempresarial.com.br\/site\/?page_id=17"},"modified":"2025-07-07T09:37:32","modified_gmt":"2025-07-07T12:37:32","slug":"empresa","status":"publish","type":"page","link":"https:\/\/www.institutoempresarial.com.br\/site\/empresa\/","title":{"rendered":"Empresa"},"content":{"rendered":"\t\t<div data-elementor-type=\"wp-page\" data-elementor-id=\"17\" class=\"elementor elementor-17\" data-elementor-post-type=\"page\">\n\t\t\t\t\t\t<section class=\"elementor-section elementor-top-section elementor-element elementor-element-36e1e42 elementor-section-boxed elementor-section-height-default elementor-section-height-default\" data-id=\"36e1e42\" data-element_type=\"section\" data-e-type=\"section\">\n\t\t\t\t\t\t<div class=\"elementor-container elementor-column-gap-default\">\n\t\t\t\t\t<div class=\"elementor-column elementor-col-100 elementor-top-column elementor-element elementor-element-c03fbf1\" data-id=\"c03fbf1\" data-element_type=\"column\" data-e-type=\"column\">\n\t\t\t<div class=\"elementor-widget-wrap elementor-element-populated\">\n\t\t\t\t\t\t<div class=\"elementor-element elementor-element-ef75e0f eael-dual-header-content-align-center elementor-widget elementor-widget-eael-dual-color-header\" data-id=\"ef75e0f\" data-element_type=\"widget\" data-e-type=\"widget\" data-widget_type=\"eael-dual-color-header.default\">\n\t\t\t\t\t\t\t\t<div class=\"eael-dual-header\">\n\t\t\t\t<h2 class=\"title eael-dch-title\"><span class=\"eael-dch-title-text eael-dch-title-lead lead solid-color\">Conhe\u00e7a nossa Empresa <\/span> <span class=\"eael-dch-title-text\">Um pouco sobre n\u00f3s<\/span><\/h2>\t\t\t\t\t<span class=\"eael-dch-svg-icon\"><svg aria-hidden=\"true\" class=\"e-font-icon-svg e-fas-snowflake\" viewBox=\"0 0 448 512\" xmlns=\"http:\/\/www.w3.org\/2000\/svg\"><path d=\"M440.3 345.2l-33.8-19.5 26-7c8.2-2.2 13.1-10.7 10.9-18.9l-4-14.9c-2.2-8.2-10.7-13.1-18.9-10.9l-70.8 19-63.9-37 63.8-36.9 70.8 19c8.2 2.2 16.7-2.7 18.9-10.9l4-14.9c2.2-8.2-2.7-16.7-10.9-18.9l-26-7 33.8-19.5c7.4-4.3 9.9-13.7 5.7-21.1L430.4 119c-4.3-7.4-13.7-9.9-21.1-5.7l-33.8 19.5 7-26c2.2-8.2-2.7-16.7-10.9-18.9l-14.9-4c-8.2-2.2-16.7 2.7-18.9 10.9l-19 70.8-62.8 36.2v-77.5l53.7-53.7c6.2-6.2 6.2-16.4 0-22.6l-11.3-11.3c-6.2-6.2-16.4-6.2-22.6 0L256 56.4V16c0-8.8-7.2-16-16-16h-32c-8.8 0-16 7.2-16 16v40.4l-19.7-19.7c-6.2-6.2-16.4-6.2-22.6 0L138.3 48c-6.3 6.2-6.3 16.4 0 22.6l53.7 53.7v77.5l-62.8-36.2-19-70.8c-2.2-8.2-10.7-13.1-18.9-10.9l-14.9 4c-8.2 2.2-13.1 10.7-10.9 18.9l7 26-33.8-19.5c-7.4-4.3-16.8-1.7-21.1 5.7L2.1 145.7c-4.3 7.4-1.7 16.8 5.7 21.1l33.8 19.5-26 7c-8.3 2.2-13.2 10.7-11 19l4 14.9c2.2 8.2 10.7 13.1 18.9 10.9l70.8-19 63.8 36.9-63.8 36.9-70.8-19c-8.2-2.2-16.7 2.7-18.9 10.9l-4 14.9c-2.2 8.2 2.7 16.7 10.9 18.9l26 7-33.8 19.6c-7.4 4.3-9.9 13.7-5.7 21.1l15.5 26.8c4.3 7.4 13.7 9.9 21.1 5.7l33.8-19.5-7 26c-2.2 8.2 2.7 16.7 10.9 18.9l14.9 4c8.2 2.2 16.7-2.7 18.9-10.9l19-70.8 62.8-36.2v77.5l-53.7 53.7c-6.3 6.2-6.3 16.4 0 22.6l11.3 11.3c6.2 6.2 16.4 6.2 22.6 0l19.7-19.7V496c0 8.8 7.2 16 16 16h32c8.8 0 16-7.2 16-16v-40.4l19.7 19.7c6.2 6.2 16.4 6.2 22.6 0l11.3-11.3c6.2-6.2 6.2-16.4 0-22.6L256 387.7v-77.5l62.8 36.2 19 70.8c2.2 8.2 10.7 13.1 18.9 10.9l14.9-4c8.2-2.2 13.1-10.7 10.9-18.9l-7-26 33.8 19.5c7.4 4.3 16.8 1.7 21.1-5.7l15.5-26.8c4.3-7.3 1.8-16.8-5.6-21z\"><\/path><\/svg><\/span>\t\t\t\t\t\t\t<\/div>\n\n\t\t\t\t\t\t<\/div>\n\t\t\t\t\t<\/div>\n\t\t<\/div>\n\t\t\t\t\t<\/div>\n\t\t<\/section>\n\t\t\t\t<section class=\"elementor-section elementor-top-section elementor-element elementor-element-205b871 elementor-section-boxed elementor-section-height-default elementor-section-height-default\" data-id=\"205b871\" data-element_type=\"section\" data-e-type=\"section\">\n\t\t\t\t\t\t<div class=\"elementor-container elementor-column-gap-default\">\n\t\t\t\t\t<div class=\"elementor-column elementor-col-50 elementor-top-column elementor-element elementor-element-7acf103\" data-id=\"7acf103\" data-element_type=\"column\" data-e-type=\"column\">\n\t\t\t<div class=\"elementor-widget-wrap elementor-element-populated\">\n\t\t\t\t\t\t<div class=\"elementor-element elementor-element-c61ad52 elementor-widget elementor-widget-text-editor\" data-id=\"c61ad52\" data-element_type=\"widget\" data-e-type=\"widget\" data-widget_type=\"text-editor.default\">\n\t\t\t\t\t\t\t\t\t<p>Iniciamos nossas atividades em 1996 com uma meta j\u00e1 defendida, que \u00e9 prestar servi\u00e7os com qualidade. Nosso compromisso \u00e9 fazer o m\u00e1ximo para que o cliente se sinta bem atendido em tudo o que necessita, sabendo que estamos usando muita tecnologia e profissionalismo na atitude di\u00e1ria de manter qualidade em nossos servi\u00e7os.<\/p><p>Nosso Escrit\u00f3rio \u00e9 integrado por profissionais com larga experi\u00eancia em contabilidade e outros ramos de assessoria e consultoria. Aliado a isso, temos adotado modernos recursos t\u00e9cnicos e de inform\u00e1tica, para sempre podermos oferecer aos nossos clientes servi\u00e7os de alta qualidade.<\/p><p>Prevenir \u00e9 melhor do que remediar, uma empresa completa como deve ser.<\/p><p>A obsess\u00e3o pela qualidade dos servi\u00e7os prestados, nos leva a investir cada vez mais em nosso quadro de funcion\u00e1rios e em novas tecnologias.<\/p>\t\t\t\t\t\t\t\t<\/div>\n\t\t\t\t\t<\/div>\n\t\t<\/div>\n\t\t\t\t<div class=\"elementor-column elementor-col-50 elementor-top-column elementor-element elementor-element-8ccf273\" data-id=\"8ccf273\" data-element_type=\"column\" data-e-type=\"column\">\n\t\t\t<div class=\"elementor-widget-wrap elementor-element-populated\">\n\t\t\t\t\t\t<div class=\"elementor-element elementor-element-8e245b4 elementor-widget elementor-widget-text-editor\" data-id=\"8e245b4\" data-element_type=\"widget\" data-e-type=\"widget\" data-widget_type=\"text-editor.default\">\n\t\t\t\t\t\t\t\t\t<h3>Prevenir \u00e9 melhor do que remediar<\/h3><p>Um ditado t\u00e3o antigo n\u00e3o poderia soar mais atual. No mundo empresarial, antecipar-se a um problema \u00e9 sempre a melhor solu\u00e7\u00e3o. Mas isso n\u00e3o basta: \u00e9 preciso faz\u00ea-lo com quem tem experi\u00eancia e credibilidade no mercado. Em mais de 30 anos de atua\u00e7\u00e3o no Pais, o Instituto Empresarial conquistou um lugar de destaque no mercado pela efici\u00eancia, compromisso e dedica\u00e7\u00e3o que tem pelos seus clientes, n\u00e3o importando seu porte, segmento ou necessidade.<\/p><p>Durante esse tempo, a empresa se tornou especialista em assessoria empresarial com foco na \u00e1rea trabalhista e previdenci\u00e1ria, buscando solu\u00e7\u00f5es inteligentes e vi\u00e1veis por meio do talento de uma equipe multidisciplinar de profissionais colaboradores altamente capacitados. Unindo recursos humanos e tecnol\u00f3gicos com efici\u00eancia, oferece agilidade e transpar\u00eancia nas informa\u00e7\u00f5es dos servi\u00e7os prestados. Hoje contamos com mais de 30 (trinta) colaboradores e parceiros.<\/p>\t\t\t\t\t\t\t\t<\/div>\n\t\t\t\t\t<\/div>\n\t\t<\/div>\n\t\t\t\t\t<\/div>\n\t\t<\/section>\n\t\t\t\t<section class=\"elementor-section elementor-top-section elementor-element elementor-element-d0adb97 elementor-section-content-middle elementor-section-boxed elementor-section-height-default elementor-section-height-default\" data-id=\"d0adb97\" data-element_type=\"section\" data-e-type=\"section\" data-settings=\"{&quot;background_background&quot;:&quot;classic&quot;,&quot;shape_divider_top&quot;:&quot;mountains&quot;}\">\n\t\t\t\t\t<div class=\"elementor-shape elementor-shape-top\" aria-hidden=\"true\" data-negative=\"false\">\n\t\t\t<svg xmlns=\"http:\/\/www.w3.org\/2000\/svg\" viewBox=\"0 0 1000 100\" preserveAspectRatio=\"none\">\n\t<path class=\"elementor-shape-fill\" opacity=\"0.33\" d=\"M473,67.3c-203.9,88.3-263.1-34-320.3,0C66,119.1,0,59.7,0,59.7V0h1000v59.7 c0,0-62.1,26.1-94.9,29.3c-32.8,3.3-62.8-12.3-75.8-22.1C806,49.6,745.3,8.7,694.9,4.7S492.4,59,473,67.3z\"\/>\n\t<path class=\"elementor-shape-fill\" opacity=\"0.66\" d=\"M734,67.3c-45.5,0-77.2-23.2-129.1-39.1c-28.6-8.7-150.3-10.1-254,39.1 s-91.7-34.4-149.2,0C115.7,118.3,0,39.8,0,39.8V0h1000v36.5c0,0-28.2-18.5-92.1-18.5C810.2,18.1,775.7,67.3,734,67.3z\"\/>\n\t<path class=\"elementor-shape-fill\" d=\"M766.1,28.9c-200-57.5-266,65.5-395.1,19.5C242,1.8,242,5.4,184.8,20.6C128,35.8,132.3,44.9,89.9,52.5C28.6,63.7,0,0,0,0 h1000c0,0-9.9,40.9-83.6,48.1S829.6,47,766.1,28.9z\"\/>\n<\/svg>\t\t<\/div>\n\t\t\t\t\t<div class=\"elementor-container elementor-column-gap-default\">\n\t\t\t\t\t<div class=\"elementor-column elementor-col-50 elementor-top-column elementor-element elementor-element-1dbcdcb\" data-id=\"1dbcdcb\" data-element_type=\"column\" data-e-type=\"column\">\n\t\t\t<div class=\"elementor-widget-wrap elementor-element-populated\">\n\t\t\t\t\t\t<div class=\"elementor-element elementor-element-21be3ac eael-dual-header-content-align-center elementor-widget elementor-widget-eael-dual-color-header\" data-id=\"21be3ac\" data-element_type=\"widget\" data-e-type=\"widget\" data-widget_type=\"eael-dual-color-header.default\">\n\t\t\t\t\t\t\t\t<div class=\"eael-dual-header\">\n\t\t\t\t<h2 class=\"title eael-dch-title\"><span class=\"eael-dch-title-text eael-dch-title-lead lead solid-color\">CONHE\u00c7A O INSTITUTO: <\/span> <span class=\"eael-dch-title-text\">A EMPRESA E SEU ADMINISTRADOR<\/span><\/h2>\t\t\t\t\t<span class=\"eael-dch-svg-icon\"><svg aria-hidden=\"true\" class=\"e-font-icon-svg e-fas-snowflake\" viewBox=\"0 0 448 512\" xmlns=\"http:\/\/www.w3.org\/2000\/svg\"><path d=\"M440.3 345.2l-33.8-19.5 26-7c8.2-2.2 13.1-10.7 10.9-18.9l-4-14.9c-2.2-8.2-10.7-13.1-18.9-10.9l-70.8 19-63.9-37 63.8-36.9 70.8 19c8.2 2.2 16.7-2.7 18.9-10.9l4-14.9c2.2-8.2-2.7-16.7-10.9-18.9l-26-7 33.8-19.5c7.4-4.3 9.9-13.7 5.7-21.1L430.4 119c-4.3-7.4-13.7-9.9-21.1-5.7l-33.8 19.5 7-26c2.2-8.2-2.7-16.7-10.9-18.9l-14.9-4c-8.2-2.2-16.7 2.7-18.9 10.9l-19 70.8-62.8 36.2v-77.5l53.7-53.7c6.2-6.2 6.2-16.4 0-22.6l-11.3-11.3c-6.2-6.2-16.4-6.2-22.6 0L256 56.4V16c0-8.8-7.2-16-16-16h-32c-8.8 0-16 7.2-16 16v40.4l-19.7-19.7c-6.2-6.2-16.4-6.2-22.6 0L138.3 48c-6.3 6.2-6.3 16.4 0 22.6l53.7 53.7v77.5l-62.8-36.2-19-70.8c-2.2-8.2-10.7-13.1-18.9-10.9l-14.9 4c-8.2 2.2-13.1 10.7-10.9 18.9l7 26-33.8-19.5c-7.4-4.3-16.8-1.7-21.1 5.7L2.1 145.7c-4.3 7.4-1.7 16.8 5.7 21.1l33.8 19.5-26 7c-8.3 2.2-13.2 10.7-11 19l4 14.9c2.2 8.2 10.7 13.1 18.9 10.9l70.8-19 63.8 36.9-63.8 36.9-70.8-19c-8.2-2.2-16.7 2.7-18.9 10.9l-4 14.9c-2.2 8.2 2.7 16.7 10.9 18.9l26 7-33.8 19.6c-7.4 4.3-9.9 13.7-5.7 21.1l15.5 26.8c4.3 7.4 13.7 9.9 21.1 5.7l33.8-19.5-7 26c-2.2 8.2 2.7 16.7 10.9 18.9l14.9 4c8.2 2.2 16.7-2.7 18.9-10.9l19-70.8 62.8-36.2v77.5l-53.7 53.7c-6.3 6.2-6.3 16.4 0 22.6l11.3 11.3c6.2 6.2 16.4 6.2 22.6 0l19.7-19.7V496c0 8.8 7.2 16 16 16h32c8.8 0 16-7.2 16-16v-40.4l19.7 19.7c6.2 6.2 16.4 6.2 22.6 0l11.3-11.3c6.2-6.2 6.2-16.4 0-22.6L256 387.7v-77.5l62.8 36.2 19 70.8c2.2 8.2 10.7 13.1 18.9 10.9l14.9-4c8.2-2.2 13.1-10.7 10.9-18.9l-7-26 33.8 19.5c7.4 4.3 16.8 1.7 21.1-5.7l15.5-26.8c4.3-7.3 1.8-16.8-5.6-21z\"><\/path><\/svg><\/span>\t\t\t\t\t\t\t<\/div>\n\n\t\t\t\t\t\t<\/div>\n\t\t\t\t<div class=\"elementor-element elementor-element-2e45ed8 elementor-widget elementor-widget-text-editor\" data-id=\"2e45ed8\" data-element_type=\"widget\" data-e-type=\"widget\" data-widget_type=\"text-editor.default\">\n\t\t\t\t\t\t\t\t\t<p>A Empresa Instituto Empresarial, foi sonhada em dezembro de 1995, e criada em janeiro de 1996, por seus s\u00f3cios Aldeque Alves Pereira, Mauro Benezoli e Pedro Costa.<\/p>\n<p>Assim, nasceu o sonho destes em aumentar seus conhecimentos, bem como cuidar de empresas. Iniciou-se somente com Contabilidade Geral, Per\u00edcias Judiciais e Extrajudiciais, bem como consultoria na \u00e1rea empresarial.<\/p>\n<p>Neste entendimento o Instituto Empresarial, n\u00e3o mede esfor\u00e7os para que as empresas sejam realmente tratadas de forma extremamente profissional, como se fosse exclusiva e \u00fanica em todas as \u00e1reas de atua\u00e7\u00e3o.<\/p>\t\t\t\t\t\t\t\t<\/div>\n\t\t\t\t\t<\/div>\n\t\t<\/div>\n\t\t\t\t<div class=\"elementor-column elementor-col-50 elementor-top-column elementor-element elementor-element-02211ea\" data-id=\"02211ea\" data-element_type=\"column\" data-e-type=\"column\">\n\t\t\t<div class=\"elementor-widget-wrap elementor-element-populated\">\n\t\t\t\t\t\t<div class=\"elementor-element elementor-element-a61d928 elementor-widget elementor-widget-image\" data-id=\"a61d928\" data-element_type=\"widget\" data-e-type=\"widget\" data-widget_type=\"image.default\">\n\t\t\t\t\t\t\t\t\t\t\t\t\t\t\t<img fetchpriority=\"high\" decoding=\"async\" width=\"533\" height=\"800\" src=\"https:\/\/www.institutoempresarial.com.br\/site\/wp-content\/uploads\/2025\/07\/PHOTO-2025-07-07-07-55-53.jpg\" class=\"attachment-large size-large wp-image-475\" alt=\"\" srcset=\"https:\/\/www.institutoempresarial.com.br\/site\/wp-content\/uploads\/2025\/07\/PHOTO-2025-07-07-07-55-53.jpg 533w, https:\/\/www.institutoempresarial.com.br\/site\/wp-content\/uploads\/2025\/07\/PHOTO-2025-07-07-07-55-53-200x300.jpg 200w\" sizes=\"(max-width: 533px) 100vw, 533px\" \/>\t\t\t\t\t\t\t\t\t\t\t\t\t\t\t<\/div>\n\t\t\t\t\t<\/div>\n\t\t<\/div>\n\t\t\t\t\t<\/div>\n\t\t<\/section>\n\t\t\t\t<section class=\"elementor-section elementor-top-section elementor-element elementor-element-33691b5 elementor-section-boxed elementor-section-height-default elementor-section-height-default\" data-id=\"33691b5\" data-element_type=\"section\" data-e-type=\"section\">\n\t\t\t\t\t\t<div class=\"elementor-container elementor-column-gap-default\">\n\t\t\t\t\t<div class=\"elementor-column elementor-col-100 elementor-top-column elementor-element elementor-element-277fbfa\" data-id=\"277fbfa\" data-element_type=\"column\" data-e-type=\"column\">\n\t\t\t<div class=\"elementor-widget-wrap elementor-element-populated\">\n\t\t\t\t\t\t<div class=\"elementor-element elementor-element-ea65a7c eael-dual-header-content-align-center elementor-widget elementor-widget-eael-dual-color-header\" data-id=\"ea65a7c\" data-element_type=\"widget\" data-e-type=\"widget\" data-widget_type=\"eael-dual-color-header.default\">\n\t\t\t\t\t\t\t\t<div class=\"eael-dual-header\">\n\t\t\t\t<h2 class=\"title eael-dch-title\"><span class=\"eael-dch-title-text eael-dch-title-lead lead solid-color\">S\u00d3CIO<\/span> <span class=\"eael-dch-title-text\"> ADMINISTRADOR<\/span><\/h2>\t\t\t\t\t<span class=\"eael-dch-svg-icon\"><svg aria-hidden=\"true\" class=\"e-font-icon-svg e-fas-snowflake\" viewBox=\"0 0 448 512\" xmlns=\"http:\/\/www.w3.org\/2000\/svg\"><path d=\"M440.3 345.2l-33.8-19.5 26-7c8.2-2.2 13.1-10.7 10.9-18.9l-4-14.9c-2.2-8.2-10.7-13.1-18.9-10.9l-70.8 19-63.9-37 63.8-36.9 70.8 19c8.2 2.2 16.7-2.7 18.9-10.9l4-14.9c2.2-8.2-2.7-16.7-10.9-18.9l-26-7 33.8-19.5c7.4-4.3 9.9-13.7 5.7-21.1L430.4 119c-4.3-7.4-13.7-9.9-21.1-5.7l-33.8 19.5 7-26c2.2-8.2-2.7-16.7-10.9-18.9l-14.9-4c-8.2-2.2-16.7 2.7-18.9 10.9l-19 70.8-62.8 36.2v-77.5l53.7-53.7c6.2-6.2 6.2-16.4 0-22.6l-11.3-11.3c-6.2-6.2-16.4-6.2-22.6 0L256 56.4V16c0-8.8-7.2-16-16-16h-32c-8.8 0-16 7.2-16 16v40.4l-19.7-19.7c-6.2-6.2-16.4-6.2-22.6 0L138.3 48c-6.3 6.2-6.3 16.4 0 22.6l53.7 53.7v77.5l-62.8-36.2-19-70.8c-2.2-8.2-10.7-13.1-18.9-10.9l-14.9 4c-8.2 2.2-13.1 10.7-10.9 18.9l7 26-33.8-19.5c-7.4-4.3-16.8-1.7-21.1 5.7L2.1 145.7c-4.3 7.4-1.7 16.8 5.7 21.1l33.8 19.5-26 7c-8.3 2.2-13.2 10.7-11 19l4 14.9c2.2 8.2 10.7 13.1 18.9 10.9l70.8-19 63.8 36.9-63.8 36.9-70.8-19c-8.2-2.2-16.7 2.7-18.9 10.9l-4 14.9c-2.2 8.2 2.7 16.7 10.9 18.9l26 7-33.8 19.6c-7.4 4.3-9.9 13.7-5.7 21.1l15.5 26.8c4.3 7.4 13.7 9.9 21.1 5.7l33.8-19.5-7 26c-2.2 8.2 2.7 16.7 10.9 18.9l14.9 4c8.2 2.2 16.7-2.7 18.9-10.9l19-70.8 62.8-36.2v77.5l-53.7 53.7c-6.3 6.2-6.3 16.4 0 22.6l11.3 11.3c6.2 6.2 16.4 6.2 22.6 0l19.7-19.7V496c0 8.8 7.2 16 16 16h32c8.8 0 16-7.2 16-16v-40.4l19.7 19.7c6.2 6.2 16.4 6.2 22.6 0l11.3-11.3c6.2-6.2 6.2-16.4 0-22.6L256 387.7v-77.5l62.8 36.2 19 70.8c2.2 8.2 10.7 13.1 18.9 10.9l14.9-4c8.2-2.2 13.1-10.7 10.9-18.9l-7-26 33.8 19.5c7.4 4.3 16.8 1.7 21.1-5.7l15.5-26.8c4.3-7.3 1.8-16.8-5.6-21z\"><\/path><\/svg><\/span>\t\t\t\t\t\t\t<\/div>\n\n\t\t\t\t\t\t<\/div>\n\t\t\t\t<section class=\"elementor-section elementor-inner-section elementor-element elementor-element-1cb8aa0 elementor-section-boxed elementor-section-height-default elementor-section-height-default\" data-id=\"1cb8aa0\" data-element_type=\"section\" data-e-type=\"section\">\n\t\t\t\t\t\t<div class=\"elementor-container elementor-column-gap-default\">\n\t\t\t\t\t<div class=\"elementor-column elementor-col-100 elementor-inner-column elementor-element elementor-element-01f1389\" data-id=\"01f1389\" data-element_type=\"column\" data-e-type=\"column\">\n\t\t\t<div class=\"elementor-widget-wrap elementor-element-populated\">\n\t\t\t\t\t\t<div class=\"elementor-element elementor-element-a58363e elementor-view-framed elementor-shape-circle elementor-position-block-start elementor-mobile-position-block-start elementor-widget elementor-widget-icon-box\" data-id=\"a58363e\" data-element_type=\"widget\" data-e-type=\"widget\" data-widget_type=\"icon-box.default\">\n\t\t\t\t\t\t\t<div class=\"elementor-icon-box-wrapper\">\n\n\t\t\t\t\t\t<div class=\"elementor-icon-box-icon\">\n\t\t\t\t<span  class=\"elementor-icon\">\n\t\t\t\t<i class=\"fa fa-user\" aria-hidden=\"true\"><\/i>\t\t\t\t<\/span>\n\t\t\t<\/div>\n\t\t\t\n\t\t\t\t\t\t<div class=\"elementor-icon-box-content\">\n\n\t\t\t\t\t\t\t\t\t<h4 class=\"elementor-icon-box-title\">\n\t\t\t\t\t\t<span  >\n\t\t\t\t\t\t\tPEDRO COSTA\t\t\t\t\t\t<\/span>\n\t\t\t\t\t<\/h4>\n\t\t\t\t\n\t\t\t\t\t\t\t\t\t<p class=\"elementor-icon-box-description\">\n\t\t\t\t\t\tBacharel em direito, advogado, bacharel em ci\u00eancias cont\u00e1beis, contabilista, bacharel em administra\u00e7\u00e3o, consultor, aprovado em dois exames da OAB, nos estados e Minas Gerais e Esp\u00edrito Santo, tendo obtido no Exame prov\u00e3o do MEC, nota \u201cA\u201d,\u00a0 estando dentre os 10% (dez por cento) melhores do Brasil, em sua avalia\u00e7\u00e3o. Perito Cont\u00e1bil,Judicial e Extra-Judicial, Professor de Matem\u00e1tica, Contabilidade, Instrutor e consultor do SENAC, \u00c1rea Administrativa e Recursos Humanos -\u00a0 Consultor da Empresa Probank Consultoria e Treinamento, Instrutor e coordenador do Sine (Sistema Nacional de Empregos), Instrutor do SEBRAE,\u00a0 p\u00f3s graduado em Direito P\u00fablico, Privado e Recursos Humanos.\t\t\t\t\t<\/p>\n\t\t\t\t\n\t\t\t<\/div>\n\t\t\t\n\t\t<\/div>\n\t\t\t\t\t\t<\/div>\n\t\t\t\t\t<\/div>\n\t\t<\/div>\n\t\t\t\t\t<\/div>\n\t\t<\/section>\n\t\t\t\t\t<\/div>\n\t\t<\/div>\n\t\t\t\t\t<\/div>\n\t\t<\/section>\n\t\t\t\t<section class=\"elementor-section elementor-top-section elementor-element elementor-element-d74a101 elementor-section-boxed elementor-section-height-default elementor-section-height-default\" data-id=\"d74a101\" data-element_type=\"section\" data-e-type=\"section\" data-settings=\"{&quot;background_background&quot;:&quot;classic&quot;}\">\n\t\t\t\t\t\t<div class=\"elementor-container elementor-column-gap-default\">\n\t\t\t\t\t<div class=\"elementor-column elementor-col-100 elementor-top-column elementor-element elementor-element-8e32d47\" data-id=\"8e32d47\" data-element_type=\"column\" data-e-type=\"column\">\n\t\t\t<div class=\"elementor-widget-wrap elementor-element-populated\">\n\t\t\t\t\t\t<div class=\"elementor-element elementor-element-c9e40d7 eael-dual-header-content-align-center elementor-widget elementor-widget-eael-dual-color-header\" data-id=\"c9e40d7\" data-element_type=\"widget\" data-e-type=\"widget\" data-widget_type=\"eael-dual-color-header.default\">\n\t\t\t\t\t\t\t\t<div class=\"eael-dual-header\">\n\t\t\t\t<h2 class=\"title eael-dch-title\"><span class=\"eael-dch-title-text eael-dch-title-lead lead solid-color\">INSTITUTO EMPRESARIAL<\/span> <span class=\"eael-dch-title-text\">- COSTA CONSULTORIA <\/span><\/h2>\t\t\t\t\t<span class=\"subtext\"><p>CONSULTORES ASSOCIADOS<\/p><\/span>\n\t\t\t\t\t\t\t\t\t<span class=\"eael-dch-svg-icon\"><svg aria-hidden=\"true\" class=\"e-font-icon-svg e-fas-snowflake\" viewBox=\"0 0 448 512\" xmlns=\"http:\/\/www.w3.org\/2000\/svg\"><path d=\"M440.3 345.2l-33.8-19.5 26-7c8.2-2.2 13.1-10.7 10.9-18.9l-4-14.9c-2.2-8.2-10.7-13.1-18.9-10.9l-70.8 19-63.9-37 63.8-36.9 70.8 19c8.2 2.2 16.7-2.7 18.9-10.9l4-14.9c2.2-8.2-2.7-16.7-10.9-18.9l-26-7 33.8-19.5c7.4-4.3 9.9-13.7 5.7-21.1L430.4 119c-4.3-7.4-13.7-9.9-21.1-5.7l-33.8 19.5 7-26c2.2-8.2-2.7-16.7-10.9-18.9l-14.9-4c-8.2-2.2-16.7 2.7-18.9 10.9l-19 70.8-62.8 36.2v-77.5l53.7-53.7c6.2-6.2 6.2-16.4 0-22.6l-11.3-11.3c-6.2-6.2-16.4-6.2-22.6 0L256 56.4V16c0-8.8-7.2-16-16-16h-32c-8.8 0-16 7.2-16 16v40.4l-19.7-19.7c-6.2-6.2-16.4-6.2-22.6 0L138.3 48c-6.3 6.2-6.3 16.4 0 22.6l53.7 53.7v77.5l-62.8-36.2-19-70.8c-2.2-8.2-10.7-13.1-18.9-10.9l-14.9 4c-8.2 2.2-13.1 10.7-10.9 18.9l7 26-33.8-19.5c-7.4-4.3-16.8-1.7-21.1 5.7L2.1 145.7c-4.3 7.4-1.7 16.8 5.7 21.1l33.8 19.5-26 7c-8.3 2.2-13.2 10.7-11 19l4 14.9c2.2 8.2 10.7 13.1 18.9 10.9l70.8-19 63.8 36.9-63.8 36.9-70.8-19c-8.2-2.2-16.7 2.7-18.9 10.9l-4 14.9c-2.2 8.2 2.7 16.7 10.9 18.9l26 7-33.8 19.6c-7.4 4.3-9.9 13.7-5.7 21.1l15.5 26.8c4.3 7.4 13.7 9.9 21.1 5.7l33.8-19.5-7 26c-2.2 8.2 2.7 16.7 10.9 18.9l14.9 4c8.2 2.2 16.7-2.7 18.9-10.9l19-70.8 62.8-36.2v77.5l-53.7 53.7c-6.3 6.2-6.3 16.4 0 22.6l11.3 11.3c6.2 6.2 16.4 6.2 22.6 0l19.7-19.7V496c0 8.8 7.2 16 16 16h32c8.8 0 16-7.2 16-16v-40.4l19.7 19.7c6.2 6.2 16.4 6.2 22.6 0l11.3-11.3c6.2-6.2 6.2-16.4 0-22.6L256 387.7v-77.5l62.8 36.2 19 70.8c2.2 8.2 10.7 13.1 18.9 10.9l14.9-4c8.2-2.2 13.1-10.7 10.9-18.9l-7-26 33.8 19.5c7.4 4.3 16.8 1.7 21.1-5.7l15.5-26.8c4.3-7.3 1.8-16.8-5.6-21z\"><\/path><\/svg><\/span>\t\t\t\t\t\t\t<\/div>\n\n\t\t\t\t\t\t<\/div>\n\t\t\t\t<div class=\"elementor-element elementor-element-0c41eca elementor-widget elementor-widget-text-editor\" data-id=\"0c41eca\" data-element_type=\"widget\" data-e-type=\"widget\" data-widget_type=\"text-editor.default\">\n\t\t\t\t\t\t\t\t\t<p><strong>COSTA CONSULT \u2013 CONSULTORES ASSOCIADOS<\/strong>, Especializada em Consultoria Tribut\u00e1ria, Comercial e Trabalhista que por seus s\u00f3cios diretores e sua especializada equipe de contadores\u00a0 vem atuando h\u00e1 mais de 20 anos nas \u00e1reas consultivas, oferecendo aos seus clientes completa assessoria cont\u00e1bil,\u00a0 empresarial, com sede em Colatina, tendo como objetivo principal a presta\u00e7\u00e3o de servi\u00e7os de planejamento, Assessoria, consultoria EMPRESARIAL de forma ampla, bem como completa contabilidade.<\/p>\t\t\t\t\t\t\t\t<\/div>\n\t\t\t\t\t<\/div>\n\t\t<\/div>\n\t\t\t\t\t<\/div>\n\t\t<\/section>\n\t\t\t\t<\/div>\n\t\t","protected":false},"excerpt":{"rendered":"<p>Conhe\u00e7a nossa Empresa Um pouco sobre n\u00f3s Iniciamos nossas atividades em 1996 com uma meta j\u00e1 defendida, que \u00e9 prestar servi\u00e7os com qualidade. Nosso compromisso \u00e9 fazer o m\u00e1ximo para que o cliente se sinta bem atendido em tudo o que necessita, sabendo que estamos usando muita tecnologia e profissionalismo na atitude di\u00e1ria de manter [&hellip;]<\/p>\n","protected":false},"author":1,"featured_media":0,"parent":0,"menu_order":0,"comment_status":"closed","ping_status":"closed","template":"","meta":{"site-sidebar-layout":"no-sidebar","site-content-layout":"page-builder","ast-site-content-layout":"default","site-content-style":"default","site-sidebar-style":"default","ast-global-header-display":"","ast-banner-title-visibility":"","ast-main-header-display":"","ast-hfb-above-header-display":"","ast-hfb-below-header-display":"","ast-hfb-mobile-header-display":"","site-post-title":"disabled","ast-breadcrumbs-content":"","ast-featured-img":"disabled","footer-sml-layout":"","ast-disable-related-posts":"","theme-transparent-header-meta":"","adv-header-id-meta":"","stick-header-meta":"","header-above-stick-meta":"","header-main-stick-meta":"","header-below-stick-meta":"","astra-migrate-meta-layouts":"default","ast-page-background-enabled":"default","ast-page-background-meta":{"desktop":{"background-color":"","background-image":"","background-repeat":"repeat","background-position":"center center","background-size":"auto","background-attachment":"scroll","background-type":"","background-media":"","overlay-type":"","overlay-color":"","overlay-opacity":"","overlay-gradient":""},"tablet":{"background-color":"","background-image":"","background-repeat":"repeat","background-position":"center center","background-size":"auto","background-attachment":"scroll","background-type":"","background-media":"","overlay-type":"","overlay-color":"","overlay-opacity":"","overlay-gradient":""},"mobile":{"background-color":"","background-image":"","background-repeat":"repeat","background-position":"center center","background-size":"auto","background-attachment":"scroll","background-type":"","background-media":"","overlay-type":"","overlay-color":"","overlay-opacity":"","overlay-gradient":""}},"ast-content-background-meta":{"desktop":{"background-color":"var(--ast-global-color-5)","background-image":"","background-repeat":"repeat","background-position":"center center","background-size":"auto","background-attachment":"scroll","background-type":"","background-media":"","overlay-type":"","overlay-color":"","overlay-opacity":"","overlay-gradient":""},"tablet":{"background-color":"var(--ast-global-color-5)","background-image":"","background-repeat":"repeat","background-position":"center center","background-size":"auto","background-attachment":"scroll","background-type":"","background-media":"","overlay-type":"","overlay-color":"","overlay-opacity":"","overlay-gradient":""},"mobile":{"background-color":"var(--ast-global-color-5)","background-image":"","background-repeat":"repeat","background-position":"center center","background-size":"auto","background-attachment":"scroll","background-type":"","background-media":"","overlay-type":"","overlay-color":"","overlay-opacity":"","overlay-gradient":""}},"footnotes":""},"class_list":["post-17","page","type-page","status-publish","hentry"],"_links":{"self":[{"href":"https:\/\/www.institutoempresarial.com.br\/site\/wp-json\/wp\/v2\/pages\/17","targetHints":{"allow":["GET"]}}],"collection":[{"href":"https:\/\/www.institutoempresarial.com.br\/site\/wp-json\/wp\/v2\/pages"}],"about":[{"href":"https:\/\/www.institutoempresarial.com.br\/site\/wp-json\/wp\/v2\/types\/page"}],"author":[{"embeddable":true,"href":"https:\/\/www.institutoempresarial.com.br\/site\/wp-json\/wp\/v2\/users\/1"}],"replies":[{"embeddable":true,"href":"https:\/\/www.institutoempresarial.com.br\/site\/wp-json\/wp\/v2\/comments?post=17"}],"version-history":[{"count":22,"href":"https:\/\/www.institutoempresarial.com.br\/site\/wp-json\/wp\/v2\/pages\/17\/revisions"}],"predecessor-version":[{"id":478,"href":"https:\/\/www.institutoempresarial.com.br\/site\/wp-json\/wp\/v2\/pages\/17\/revisions\/478"}],"wp:attachment":[{"href":"https:\/\/www.institutoempresarial.com.br\/site\/wp-json\/wp\/v2\/media?parent=17"}],"curies":[{"name":"wp","href":"https:\/\/api.w.org\/{rel}","templated":true}]}}